{"id":7466,"date":"2021-08-01T17:45:41","date_gmt":"2021-08-01T17:45:41","guid":{"rendered":"https:\/\/sandbox.ittimor.com\/cust\/trade-organizations\/"},"modified":"2022-11-23T05:57:06","modified_gmt":"2022-11-23T05:57:06","slug":"trade-organizations","status":"publish","type":"page","link":"https:\/\/customs.gov.tl\/pt-pt\/doing-business\/trade-organizations\/","title":{"rendered":"Organiza\u00e7\u00f5es Comerciais"},"content":{"rendered":"<div class=\"wpb-content-wrapper\">[vc_row][vc_column]<div class=\"templatera_shortcode\"><div class=\"vc_row wpb_row vc_row-fluid page-title-img vc_custom_1619918400247 wpex-vc_row-has-fill wpex-vc-has-custom-column-spacing wpex-vc-column-spacing-0px no-bottom-margins wpex-vc-reset-negative-margin\"><div class=\"wpb_column vc_column_container vc_col-sm-12\"><div class=\"vc_column-inner\"><div class=\"wpb_wrapper\"><div class=\"vc_row wpb_row vc_inner vc_row-fluid page-title-overlay vc_custom_1619918083982 wpex-vc_row-has-fill no-bottom-margins wpex-vc-reset-negative-margin\"><div class=\"wpb_column vc_column_container vc_col-sm-12\"><div class=\"vc_column-inner\"><div class=\"wpb_wrapper\"><\/div><\/div><\/div><\/div><\/div><\/div><\/div><\/div><div data-vc-full-width=\"true\" data-vc-full-width-init=\"false\" class=\"vc_row wpb_row vc_row-fluid page-title-background vc_custom_1619917356710 wpex-vc_row-has-fill wpex-vc-row-stretched\"><div class=\"wpb_column vc_column_container vc_col-sm-12\"><div class=\"vc_column-inner\"><div class=\"wpb_wrapper\"><\/div><\/div><\/div><\/div><div class=\"vc_row-full-width vc_clearfix\"><\/div><\/div>[\/vc_column][\/vc_row][vc_row remove_bottom_col_margin=&#8221;true&#8221;][vc_column width=&#8221;3\/4&#8243;][vc_row_inner remove_bottom_col_margin=&#8221;true&#8221; css=&#8221;.vc_custom_1621494676020{margin-bottom: 80px !important;}&#8221;][vc_column_inner width=&#8221;1\/12&#8243;]<figure class=\"vcex-image vcex-module wpex-clr icon-heading\"><div class=\"vcex-image-inner wpex-inline-block wpex-relative\"><img decoding=\"async\" width=\"61\" height=\"39\" src=\"https:\/\/customs.gov.tl\/wp-content\/uploads\/2021\/06\/shake.svg\" class=\"wpex-align-middle\" alt=\"\" width=\"9999\" loading=\"lazy\" \/><\/div><\/figure>[\/vc_column_inner][vc_column_inner width=&#8221;5\/6&#8243;][vc_column_text]\n<h3>C\u00e2mara de Com\u00e9rcio e Ind\u00fastria de Timor-Leste (CCI-TL)<\/h3>\n<p>Fundada em 2010, a C\u00e2mara de Com\u00e9rcio e Ind\u00fastria de Timor-Leste (CCI-TL) \u00e9 a representante legal do sector empresarial privado em Timor-Leste e \u00e9 um parceiro estrat\u00e9gico de confian\u00e7a do Governo. Quando foi estabelecida, o foco da CCI-TL era:<\/p>\n<ul>\n<li>Consolidar e criar redes CCI-TL em todos os 13 Munic\u00edpios.<\/li>\n<li>Proporcionar forma\u00e7\u00e3o e advocacia.<\/li>\n<li style=\"text-align: justify;\">Representar as necessidades dos membros sendo um representante da comunidade empresarial em todos os n\u00edveis de neg\u00f3cio, como resultado, na Resolu\u00e7\u00e3o n\u00ba 17\/2017, o Governo de Timor-Leste reconheceu a CCI-TL como um parceiro estrat\u00e9gico oficial.<\/li>\n<\/ul>\n[\/vc_column_text]<div class=\"theme-button-block-wrap wpex-block wpex-clear theme-button-wrap wpex-clr\"><a href=\"https:\/\/www.linkedin.com\/in\/ccitl-timor-leste-1b213976\/\" class=\"vcex-button theme-txt-link block button-with-top-border\" target=\"_blank\" style=\"font-weight:500;\" rel=\"noopener noreferrer\"><span class=\"theme-button-inner\">Saiba mais sobre o CCI-TL aqui<span class=\"vcex-icon-wrap theme-button-icon-right\"><span class=\"ticon ticon-angle-right\" aria-hidden=\"true\"><\/span><\/span><\/span><\/a><\/div> [\/vc_column_inner][vc_column_inner width=&#8221;1\/12&#8243;][\/vc_column_inner][\/vc_row_inner][vc_row_inner remove_bottom_col_margin=&#8221;true&#8221; css=&#8221;.vc_custom_1621494684062{margin-bottom: 80px !important;}&#8221;][vc_column_inner width=&#8221;1\/12&#8243;]<figure class=\"vcex-image vcex-module wpex-clr icon-heading\"><div class=\"vcex-image-inner wpex-inline-block wpex-relative\"><img decoding=\"async\" width=\"9999\" loading=\"lazy\" class=\"wpex-align-middle\" src=\"https:\/\/customs.gov.tl\/wp-content\/uploads\/2021\/06\/woman.svg\" alt=\"\" height=\"61\" \/><\/div><\/figure>[\/vc_column_inner][vc_column_inner width=&#8221;5\/6&#8243;][vc_column_text]\n<h3>Associa\u00e7\u00e3o Empresarial das Mulheres de Timor-Leste (AEMTL)<\/h3>\n<p>A Associa\u00e7\u00e3o Empresarial das Mulheres Timor-Leste (AEMTL) \u00e9 uma Associa\u00e7\u00e3o Empresarial com a miss\u00e3o de promover e aconselhar mulheres de neg\u00f3cios empreendedoras e prepar\u00e1-las para a competir e ter sucesso no sector privado emergente de Timor-Leste.<\/p>\n<p>A AEMTL est\u00e1 determinada a introduzir novas tend\u00eancias na atual din\u00e2mica do Sector Privado: mais propriedade para reduzir a depend\u00eancia de projetos p\u00fablicos, empresas mais estruturadas e profissionais, ser um sector produtivo real e uma alternativa eficaz ao Sector P\u00fablico na cria\u00e7\u00e3o de emprego e na gera\u00e7\u00e3o de rendimentos e explora\u00e7\u00e3o de formas inovadoras e criativas de fazer neg\u00f3cios em Timor-Leste. Dado o papel cr\u00edtico que as mulheres desempenham, a AEMTL contribuir\u00e1 diretamente para a redu\u00e7\u00e3o da pobreza e contribuir\u00e1 efetivamente para um crescimento econ\u00f3mico sustent\u00e1vel da na\u00e7\u00e3o.<\/p>\n<p style=\"text-align: justify;\">Com o apoio de pares, parceiros privados e p\u00fablicos, a nova equipa executiva da AEMTL quer tornar os seus sonhos de neg\u00f3cios e as mulheres uma realidade: tornarem-se economicamente independentes e terem a liberdade financeira de seguir os seus sonhos para as suas fam\u00edlias e para o Pa\u00eds. Se for alcan\u00e7ado, isso mudar\u00e1 drasticamente o panorama do sector privado em Timor-Leste. Vamos fazer a diferen\u00e7a com a nossa unidade, determina\u00e7\u00e3o, foco e profissionalismo.<\/p>\n[\/vc_column_text]<div class=\"theme-button-block-wrap wpex-block wpex-clear theme-button-wrap wpex-clr\"><a href=\"https:\/\/www.facebook.com\/aemtl.aemtl\" class=\"vcex-button theme-txt-link block button-with-top-border\" target=\"_blank\" style=\"font-weight:500;\" rel=\"noopener noreferrer\"><span class=\"theme-button-inner\">Saiba mais sobre A AEMTL aqui<span class=\"vcex-icon-wrap theme-button-icon-right\"><span class=\"ticon ticon-angle-right\" aria-hidden=\"true\"><\/span><\/span><\/span><\/a><\/div> [\/vc_column_inner][vc_column_inner width=&#8221;1\/12&#8243;][\/vc_column_inner][\/vc_row_inner][vc_row_inner remove_bottom_col_margin=&#8221;true&#8221; css=&#8221;.vc_custom_1621494684062{margin-bottom: 80px !important;}&#8221;][vc_column_inner width=&#8221;1\/12&#8243;]<figure class=\"vcex-image vcex-module wpex-clr icon-heading\"><div class=\"vcex-image-inner wpex-inline-block wpex-relative\"><img decoding=\"async\" loading=\"lazy\" class=\"wpex-align-middle\" src=\"https:\/\/customs.gov.tl\/wp-content\/uploads\/2021\/06\/tradeOrganizations1.jpeg\" alt=\"\" width=\"188\" height=\"182\" \/><\/div><\/figure>[\/vc_column_inner][vc_column_inner width=&#8221;5\/6&#8243;][vc_column_text]\n<h3>TradeInvest<\/h3>\n<p>A TradeInvest \u00e9 a ag\u00eancia oficial de promo\u00e7\u00e3o de investimentos e exporta\u00e7\u00f5es em Timor-Leste e presta uma s\u00e9rie de servi\u00e7os a empresas estrangeiras e dom\u00e9sticas.<\/p>\n<h4>Investidores estrangeiros<\/h4>\n<ul>\n<li>Fornecer informa\u00e7\u00f5es sobre a realiza\u00e7\u00e3o de neg\u00f3cios em Timor-Leste.<\/li>\n<li>Associar-se com empresas que prestam servi\u00e7os empresariais, tais como especialistas legais, contabilidade ou servi\u00e7os de consultoria<\/li>\n<li>Encontrar terrenos estatais ou privados adequados para projetos de investimento e facilitar a comunica\u00e7\u00e3o com a dire\u00e7\u00e3o Geral de Terras e Propriedades.<\/li>\n<li>Auxiliar no registo de empresas, manuseando pedidos de benef\u00edcios especiais de investimento (incentivos ao investimento).<\/li>\n<li>Fornecer servi\u00e7os de assist\u00eancia p\u00f3s-investimento.<\/li>\n<li>Defender medidas que melhorem o clima de investimento do pa\u00eds com o governo.<\/li>\n<\/ul>\n<h4>Compradores estrangeiros<\/h4>\n<ul>\n<li>Ajude a encontrar um parceiro de neg\u00f3cios local fi\u00e1vel atrav\u00e9s de pesquisas personalizadas individuais ou eventos de matchmaking e B2B.<\/li>\n<li>Fornecer informa\u00e7\u00f5es sobre os procedimentos e regulamentos de importa\u00e7\u00e3o\/exporta\u00e7\u00e3o de Timor-Leste.<\/li>\n<li>Liga\u00e7\u00e3o com empresas que prestam servi\u00e7os profissionais relacionados com o com\u00e9rcio, tais como despachantes, empresas de log\u00edstica, empresas de pesquisa de mercado ou servi\u00e7os profissionais de neg\u00f3cios.<\/li>\n<\/ul>\n<h4>Empresas dom\u00e9sticas<\/h4>\n<ul>\n<li>Avalia\u00e7\u00e3o da sua prepara\u00e7\u00e3o para exporta\u00e7\u00e3o, ajuda no desenvolvimento do seu plano de exporta\u00e7\u00e3o.<\/li>\n<li>Fornecer informa\u00e7\u00f5es sobre os procedimentos e regulamentos de importa\u00e7\u00e3o\/exporta\u00e7\u00e3o de Timor-Leste.<\/li>\n<li>Fornecer dados anal\u00edticos e informa\u00e7\u00f5es sobre neg\u00f3cios nos mercados externos.<\/li>\n<\/ul>\n<h4>Organiza eventos de matchmaking com investidores estrangeiros sediados em Timor-Leste.<\/h4>\n<ul>\n<li>Ajudar a encontrar de potenciais compradores no estrangeiro atrav\u00e9s de eventos individuais de pesquisa personalizada B2B e matchmaking.<\/li>\n<li>Prestar assist\u00eancia a empresas nacionais qualificadas na participa\u00e7\u00e3o em feiras e miss\u00f5es internacionais.<\/li>\n<li style=\"text-align: justify;\">Defender medidas que melhorem o clima de neg\u00f3cios do pa\u00eds com o governo.<\/li>\n<\/ul>\n[\/vc_column_text]<div class=\"theme-button-block-wrap wpex-block wpex-clear theme-button-wrap wpex-clr\"><a href=\"https:\/\/www.facebook.com\/aemtl.aemtl\" class=\"vcex-button theme-txt-link block button-with-top-border\" target=\"_blank\" style=\"font-weight:500;\" rel=\"noopener noreferrer\"><span class=\"theme-button-inner\">Saiba mais sobre a TradeInvest aqui<span class=\"vcex-icon-wrap theme-button-icon-right\"><span class=\"ticon ticon-angle-right\" aria-hidden=\"true\"><\/span><\/span><\/span><\/a><\/div> [\/vc_column_inner][vc_column_inner width=&#8221;1\/12&#8243;][\/vc_column_inner][\/vc_row_inner][\/vc_column][vc_column width=&#8221;1\/4&#8243;]<div class=\"templatera_shortcode\"><div class=\"vc_row wpb_row vc_row-fluid\"><div class=\"wpb_column vc_column_container vc_col-sm-12\"><div class=\"vc_column-inner\"><div class=\"wpb_wrapper\">\n\t<div class=\"wpb_text_column wpb_content_element social-share\" >\n\t\t<div class=\"wpb_wrapper\">\n\t\t\t<h5>Partilhe esta p\u00e1gina<\/h5>\n\n\t\t<\/div>\n\t<\/div>\n\n<div class=\"vcex-module vcex-social-share\">\n\n\t<div class=\"wpex-social-share style-flat position-horizontal\" data-source=\"https%3A%2F%2Fcustoms.gov.tl%2Fpt-pt%2F\" data-url=\"https%3A%2F%2Fcustoms.gov.tl%2Fpt-pt%2Fwp-json%2Fwp%2Fv2%2Fpages%2F7466%2F\" data-title=\"Archives\" data-email-subject=\"I wanted you to see this link\" data-email-body=\"I wanted you to see this link https%3A%2F%2Fcustoms.gov.tl%2Fpt-pt%2Fwp-json%2Fwp%2Fv2%2Fpages%2F7466%2F\" data-specs=\"menubar=no,toolbar=no,resizable=yes,scrollbars=yes,height=600,width=600\">\n\t<ul class=\"wpex-social-share__list\">\n\n\t\t\n\t\t\t\t<li class=\"wpex-social-share__item custom-print\">\n\n\t\t\t\t\t\n\t\t\t\t\t\t<a href=\"#print\" role=\"button\" class=\"wpex-social-share__link\">\n\n\t\t\t\t\t\n\t\t\t\t\t\t<img decoding=\"async\" src=\"http:\/\/customs.gov.tl\/wp-content\/uploads\/2021\/05\/icon-print.svg\" \/>\n\t\t\t\t\t\t\t\t\t\t\t\t\t<span class=\"wpex-social-share__label wpex-label\">Print<\/span>\n\t\t\t\t\t\t\n\t\t\t\t\t<\/a>\n\n\t\t\t\t<\/li>\n\n\t\t\t\n\t\t\t\t<li class=\"wpex-social-share__item wpex-email\">\n\n\t\t\t\t\t\n\t\t\t\t\t\t<a href=\"#\" role=\"button\" class=\"wpex-social-share__link\">\n\n\t\t\t\t\t\n\t\t\t\t\t\t<img decoding=\"async\" src=\"http:\/\/customs.gov.tl\/wp-content\/uploads\/2021\/05\/icon-envelope.svg\" \/>\n\t\t\t\t\t\t\t\t\t\t\t\t\t<span class=\"wpex-social-share__label wpex-label\">Email<\/span>\n\t\t\t\t\t\t\n\t\t\t\t\t<\/a>\n\n\t\t\t\t<\/li>\n\n\t\t\t\n\t\t\t\t<li class=\"wpex-social-share__item wpex-facebook\">\n\n\t\t\t\t\t\n\t\t\t\t\t\t<a href=\"#\" role=\"button\" class=\"wpex-social-share__link\">\n\n\t\t\t\t\t\n\t\t\t\t\t\t<img decoding=\"async\" src=\"http:\/\/customs.gov.tl\/wp-content\/uploads\/2021\/05\/icon-facebook.svg\" \/>\n\t\t\t\t\t\t\t\t\t\t\t\t\t<span class=\"wpex-social-share__label wpex-label\">Share<\/span>\n\t\t\t\t\t\t\n\t\t\t\t\t<\/a>\n\n\t\t\t\t<\/li>\n\n\t\t\t\n\t\t\t\t<li class=\"wpex-social-share__item wpex-linkedin\">\n\n\t\t\t\t\t\n\t\t\t\t\t\t<a href=\"#\" role=\"button\" class=\"wpex-social-share__link\">\n\n\t\t\t\t\t\n\t\t\t\t\t\t<img decoding=\"async\" src=\"http:\/\/customs.gov.tl\/wp-content\/uploads\/2021\/05\/icon-linkedin.svg\" \/>\n\t\t\t\t\t\t\t\t\t\t\t\t\t<span class=\"wpex-social-share__label wpex-label\">Share<\/span>\n\t\t\t\t\t\t\n\t\t\t\t\t<\/a>\n\n\t\t\t\t<\/li>\n\n\t\t\t\n\t<\/ul>\n\n\t<\/div>\n\n<\/div><\/div><\/div><\/div><\/div>\r\n<\/div>[vc_row_inner el_class=&#8221;contact-sidebar&#8221;][vc_column_inner][vc_empty_space height=&#8221;70px&#8221;][vc_column_text el_class=&#8221;contact-details&#8221; css=&#8221;.vc_custom_1627578214505{margin-bottom: 5px !important;border-bottom-width: 1px !important;border-bottom-color: #000000 !important;border-bottom-style: solid !important;}&#8221;]\n<h5>Contatos<\/h5>\n[\/vc_column_text][vc_column_text css=&#8221;.vc_custom_1623570276431{margin-left: 36px !important;padding-bottom: 5px !important;}&#8221;]\n<h5>CCI-TL<\/h5>\n[\/vc_column_text]<div class=\"vcex-module vcex-list_item wpex-max-w-100 wpex-clr wpex-mb-5\"><div class=\"vcex-list-item-inner wpex-inline-flex wpex-flex-no-wrap wpex-items-center\"><div class=\"vcex-list-item-icon wpex-mr-10\"><div class=\"vcex-icon-wrap wpex-inline-flex wpex-justify-center wpex-items-center\"><span class=\"ticon ticon-map-marker\"><\/span><\/div><\/div><div class=\"vcex-list-item-text vcex-content wpex-flex-grow\">Rua 30 de Agosto, No.02, Acait, Dili, Timor-Leste (eis embaixada Portugal)<\/div><\/div><\/div><div class=\"vcex-module vcex-list_item wpex-max-w-100 wpex-clr wpex-mb-5\"><div class=\"vcex-list-item-inner wpex-inline-flex wpex-flex-no-wrap wpex-items-center\"><div class=\"vcex-list-item-icon wpex-mr-10\"><div class=\"vcex-icon-wrap wpex-inline-flex wpex-justify-center wpex-items-center\"><span class=\"ticon ticon-phone-square\"><\/span><\/div><\/div><div class=\"vcex-list-item-text vcex-content wpex-flex-grow\">(+670) 332 1022<\/div><\/div><\/div><div class=\"vcex-module vcex-list_item wpex-max-w-100 wpex-clr wpex-mb-5\"><a  href=\"mailto:informacaosm@gmail.com\" class=\"vcex-list-item-link wpex-no-underline\"><div class=\"vcex-list-item-inner wpex-inline-flex wpex-flex-no-wrap wpex-items-center\"><div class=\"vcex-list-item-icon wpex-mr-10\"><div class=\"vcex-icon-wrap wpex-inline-flex wpex-justify-center wpex-items-center\"><span class=\"ticon ticon-envelope-o\"><\/span><\/div><\/div><div class=\"vcex-list-item-text vcex-content wpex-flex-grow\">info@cci.tl<\/div><\/div><\/a><\/div>[\/vc_column_inner][\/vc_row_inner][vc_row_inner el_class=&#8221;contact-sidebar&#8221;][vc_column_inner][vc_empty_space height=&#8221;70px&#8221;][vc_column_text css=&#8221;.vc_custom_1623570449929{margin-left: 36px !important;padding-bottom: 5px !important;}&#8221;]\n<h5>AEMTL<\/h5>\n[\/vc_column_text]<div class=\"vcex-module vcex-list_item wpex-max-w-100 wpex-clr wpex-mb-5\"><div class=\"vcex-list-item-inner wpex-inline-flex wpex-flex-no-wrap wpex-items-center\"><div class=\"vcex-list-item-icon wpex-mr-10\"><div class=\"vcex-icon-wrap wpex-inline-flex wpex-justify-center wpex-items-center\"><span class=\"ticon ticon-map-marker\"><\/span><\/div><\/div><div class=\"vcex-list-item-text vcex-content wpex-flex-grow\">Rua 30 de Agosto, No.02, Acait, Dili, Timor-Leste (eis embaixada Portugal)<\/div><\/div><\/div><div class=\"vcex-module vcex-list_item wpex-max-w-100 wpex-clr wpex-mb-5\"><div class=\"vcex-list-item-inner wpex-inline-flex wpex-flex-no-wrap wpex-items-center\"><div class=\"vcex-list-item-icon wpex-mr-10\"><div class=\"vcex-icon-wrap wpex-inline-flex wpex-justify-center wpex-items-center\"><span class=\"ticon ticon-phone-square\"><\/span><\/div><\/div><div class=\"vcex-list-item-text vcex-content wpex-flex-grow\">(+670) 7723 4390<\/div><\/div><\/div><div class=\"vcex-module vcex-list_item wpex-max-w-100 wpex-clr wpex-mb-5\"><a  href=\"mailto:informacaosm@gmail.com\" class=\"vcex-list-item-link wpex-no-underline\"><div class=\"vcex-list-item-inner wpex-inline-flex wpex-flex-no-wrap wpex-items-center\"><div class=\"vcex-list-item-icon wpex-mr-10\"><div class=\"vcex-icon-wrap wpex-inline-flex wpex-justify-center wpex-items-center\"><span class=\"ticon ticon-envelope-o\"><\/span><\/div><\/div><div class=\"vcex-list-item-text vcex-content wpex-flex-grow\">fetoaemtl@gmail.com<\/div><\/div><\/a><\/div>[\/vc_column_inner][\/vc_row_inner][vc_row_inner el_class=&#8221;contact-sidebar&#8221;][vc_column_inner][vc_empty_space height=&#8221;70px&#8221;][vc_column_text css=&#8221;.vc_custom_1623570601998{margin-left: 36px !important;padding-bottom: 5px !important;}&#8221;]\n<h5>TradeInvest<\/h5>\n[\/vc_column_text]<div class=\"vcex-module vcex-list_item wpex-max-w-100 wpex-clr wpex-mb-5\"><div class=\"vcex-list-item-inner wpex-inline-flex wpex-flex-no-wrap wpex-items-center\"><div class=\"vcex-list-item-icon wpex-mr-10\"><div class=\"vcex-icon-wrap wpex-inline-flex wpex-justify-center wpex-items-center\"><span class=\"ticon ticon-map-marker\"><\/span><\/div><\/div><div class=\"vcex-list-item-text vcex-content wpex-flex-grow\">Rua 25 de Abril, n.o 8, Colmera, Vera Cruz, D\u00edli, Timor-Leste<\/div><\/div><\/div><div class=\"vcex-module vcex-list_item wpex-max-w-100 wpex-clr wpex-mb-5\"><div class=\"vcex-list-item-inner wpex-inline-flex wpex-flex-no-wrap wpex-items-center\"><div class=\"vcex-list-item-icon wpex-mr-10\"><div class=\"vcex-icon-wrap wpex-inline-flex wpex-justify-center wpex-items-center\"><span class=\"ticon ticon-phone-square\"><\/span><\/div><\/div><div class=\"vcex-list-item-text vcex-content wpex-flex-grow\">(+670) 3311105 \/ 3311553<\/div><\/div><\/div><div class=\"vcex-module vcex-list_item wpex-max-w-100 wpex-clr wpex-mb-5\"><a  href=\"mailto:informacaosm@gmail.com\" class=\"vcex-list-item-link wpex-no-underline\"><div class=\"vcex-list-item-inner wpex-inline-flex wpex-flex-no-wrap wpex-items-center\"><div class=\"vcex-list-item-icon wpex-mr-10\"><div class=\"vcex-icon-wrap wpex-inline-flex wpex-justify-center wpex-items-center\"><span class=\"ticon ticon-envelope-o\"><\/span><\/div><\/div><div class=\"vcex-list-item-text vcex-content wpex-flex-grow\">drem@investtimor-leste.com<\/div><\/div><\/a><\/div>[\/vc_column_inner][\/vc_row_inner][vc_row_inner][vc_column_inner][\/vc_column_inner][\/vc_row_inner][\/vc_column][\/vc_row]\n<\/div>","protected":false},"excerpt":{"rendered":"","protected":false},"author":8,"featured_media":6942,"parent":7457,"menu_order":0,"comment_status":"open","ping_status":"open","template":"","meta":{"inline_featured_image":false,"footnotes":""},"class_list":["post-7466","page","type-page","status-publish","has-post-thumbnail","hentry","entry","no-media"],"_links":{"self":[{"href":"https:\/\/customs.gov.tl\/pt-pt\/wp-json\/wp\/v2\/pages\/7466","targetHints":{"allow":["GET"]}}],"collection":[{"href":"https:\/\/customs.gov.tl\/pt-pt\/wp-json\/wp\/v2\/pages"}],"about":[{"href":"https:\/\/customs.gov.tl\/pt-pt\/wp-json\/wp\/v2\/types\/page"}],"author":[{"embeddable":true,"href":"https:\/\/customs.gov.tl\/pt-pt\/wp-json\/wp\/v2\/users\/8"}],"replies":[{"embeddable":true,"href":"https:\/\/customs.gov.tl\/pt-pt\/wp-json\/wp\/v2\/comments?post=7466"}],"version-history":[{"count":2,"href":"https:\/\/customs.gov.tl\/pt-pt\/wp-json\/wp\/v2\/pages\/7466\/revisions"}],"predecessor-version":[{"id":11455,"href":"https:\/\/customs.gov.tl\/pt-pt\/wp-json\/wp\/v2\/pages\/7466\/revisions\/11455"}],"up":[{"embeddable":true,"href":"https:\/\/customs.gov.tl\/pt-pt\/wp-json\/wp\/v2\/pages\/7457"}],"wp:featuredmedia":[{"embeddable":true,"href":"https:\/\/customs.gov.tl\/pt-pt\/wp-json\/wp\/v2\/media\/6942"}],"wp:attachment":[{"href":"https:\/\/customs.gov.tl\/pt-pt\/wp-json\/wp\/v2\/media?parent=7466"}],"curies":[{"name":"wp","href":"https:\/\/api.w.org\/{rel}","templated":true}]}}